{"id":3484,"date":"2024-10-04T10:50:39","date_gmt":"2024-10-04T17:50:39","guid":{"rendered":"https:\/\/centrecatherine.ca\/exhibition-hail-our-lady\/"},"modified":"2025-03-25T10:33:11","modified_gmt":"2025-03-25T17:33:11","slug":"exhibition-hail-our-lady","status":"publish","type":"page","link":"https:\/\/centrecatherine.ca\/en\/exhibition-hail-our-lady\/","title":{"rendered":"Exhibition Hail\u2026 Our Lady"},"content":{"rendered":"\n\n\t<h1>L&#8217;exposition<br \/>\n\u00abJe te Salue&#8230;<br \/>\nNotre-Dame\u00bb<\/h1>\n\t<p>L&#8217;exposition <i>Je te salue&#8230; Notre-Dame <\/i>vous convie \u00e0 p\u00e9n\u00e9trer au coeur de la d\u00e9votion mariale qui a fa\u00e7onn\u00e9 la vie de Marie-Catherine de Saint-Augustin et celle des Augustines de la Mis\u00e9ricorde de J\u00e9sus.<\/p>\n<p>Dans une ambiance propice au recueillement, explorez le r\u00f4le \u00e9minent de la Vierge Marie dans leur cheminement spirituel : un h\u00e9ritage sacr\u00e9, transmis fid\u00e8lement de g\u00e9n\u00e9ration en g\u00e9n\u00e9ration.<\/p>\n<p>Cette exposition r\u00e9v\u00e8le le chapelet, support de pri\u00e8re et symbole profond de contemplation, plac\u00e9 au centre de leur mission. Un legs spirituel intemporel, porteur de paix et de ferveur, qui continue d&#8217;inspirer et d&#8217;\u00e9lever les \u00e2mes en qu\u00eate de d\u00e9votion.<\/p>\n<p><strong>Cette exposition est ouverte depuis le 23 avril 2024 et se prolongera jusqu&#8217;en avril 2026.<\/strong><\/p>\n\t\t\t\t<img loading=\"lazy\" decoding=\"async\" src=\"https:\/\/centrecatherine.ca\/wp-content\/uploads\/2024\/10\/je-te-salue-marie-exposition.jpg\" alt=\"Exposition Je te salue marie \u00e0 Qu\u00e9bec\" itemprop=\"image\" height=\"1800\" width=\"1200\" title=\"je-te-salue-marie-exposition\" onerror=\"this.style.display='none'\"  \/>\n\t\t\t\t<img loading=\"lazy\" decoding=\"async\" src=\"https:\/\/centrecatherine.ca\/wp-content\/uploads\/2024\/11\/jetesaluecatherine.jpg\" alt=\"Je te salue&#8230; notre dame\" itemprop=\"image\" height=\"1136\" width=\"1000\" title=\"jetesaluecatherine\" onerror=\"this.style.display='none'\"  \/>\n\t<h2><strong>Je te salue&#8230; Notre-Dame<\/strong><\/h2>\n<p>La Vierge Marie, honor\u00e9e sous le vocable de Notre-Dame,<\/p>\n<p>fait partie int\u00e9grante de la spiritualit\u00e9 des Augustines de la Mis\u00e9ricorde de J\u00e9sus. La vie de la bienheureuse Marie-Catherine de Saint-Augustin l&#8217;exprime, entre autres, dans toute sa beaut\u00e9 et sa profondeur.<\/p>\n<p>Notre-Dame, v\u00e9n\u00e9r\u00e9e en tant que premi\u00e8re et perp\u00e9tuelle sup\u00e9rieure de chacune des communaut\u00e9s, lui revient aussi l&#8217;honneur d&#8217;\u00eatre la Vierge titulaire des monast\u00e8res d&#8217;Augustines et \u00e9glises fond\u00e9s depuis 1639 :<\/p>\nNotre-Dame de Piti\u00e9 et Notre-Dame de Toutes Gr\u00e2ces.<br \/>\nNotre-Dame des Anges,<br \/>\nNotre-Dame de Fondation et Notre-Dame de Protection<br \/>\nNotre-Dame du Sacr\u00e9 C\u0153ur Notre-Dame Auxiliatrice Notre-Dame du Bon Conseil<br \/>\nNotre-Dame des Sept Douleurs<br \/>\nNotre-Dame des Neiges Nativit\u00e9 de Marie<br \/>\nNotre-Dame de la Providence<br \/>\nNotre-Dame de la Confiance<br \/>\nNotre-Dame de la Paix<br \/>\nNotre-Dame de la Visitation<br \/>\nNotre-Dame de Caacup\u00e9\n<p>\u00c0 l&#8217;image des croyants et croyantes, les chapelets brillent par leur diversit\u00e9 et leur unicit\u00e9, tout en \u00e9tant unis par une m\u00eame d\u00e9votion : Je te salue&#8230; Notre-Dame<\/p>\n\n","protected":false},"excerpt":{"rendered":"<p>L&#8217;exposition \u00abJe te Salue&#8230; Notre-Dame\u00bb L&#8217;exposition Je te salue&#8230; Notre-Dame vous convie \u00e0 p\u00e9n\u00e9trer au coeur de la d\u00e9votion mariale qui a fa\u00e7onn\u00e9 la vie de Marie-Catherine de Saint-Augustin et celle des Augustines de la Mis\u00e9ricorde de J\u00e9sus. Dans une ambiance propice au recueillement, explorez le r\u00f4le \u00e9minent de la Vierge Marie dans leur cheminement&hellip;<\/p>\n","protected":false},"author":1,"featured_media":0,"parent":0,"menu_order":0,"comment_status":"closed","ping_status":"closed","template":"","meta":{"footnotes":""},"class_list":["post-3484","page","type-page","status-publish","hentry"],"yoast_head":"<!-- This site is optimized with the Yoast SEO plugin v27.4 - https:\/\/yoast.com\/product\/yoast-seo-wordpress\/ -->\n<title>Exhibition Hail\u2026 Our Lady - Centre Catherine-de-Saint-Augustin<\/title>\n<meta name=\"robots\" content=\"index, follow, max-snippet:-1, max-image-preview:large, max-video-preview:-1\" \/>\n<link rel=\"canonical\" href=\"https:\/\/centrecatherine.ca\/en\/exhibition-hail-our-lady\/\" \/>\n<meta property=\"og:locale\" content=\"en_US\" \/>\n<meta property=\"og:type\" content=\"article\" \/>\n<meta property=\"og:title\" content=\"Exhibition Hail\u2026 Our Lady - Centre Catherine-de-Saint-Augustin\" \/>\n<meta property=\"og:description\" content=\"L&#8217;exposition \u00abJe te Salue&#8230; Notre-Dame\u00bb L&#8217;exposition Je te salue&#8230; Notre-Dame vous convie \u00e0 p\u00e9n\u00e9trer au coeur de la d\u00e9votion mariale qui a fa\u00e7onn\u00e9 la vie de Marie-Catherine de Saint-Augustin et celle des Augustines de la Mis\u00e9ricorde de J\u00e9sus. Dans une ambiance propice au recueillement, explorez le r\u00f4le \u00e9minent de la Vierge Marie dans leur cheminement&hellip;\" \/>\n<meta property=\"og:url\" content=\"https:\/\/centrecatherine.ca\/en\/exhibition-hail-our-lady\/\" \/>\n<meta property=\"og:site_name\" content=\"Centre Catherine-de-Saint-Augustin\" \/>\n<meta property=\"article:modified_time\" content=\"2025-03-25T17:33:11+00:00\" \/>\n<meta property=\"og:image\" content=\"https:\/\/centrecatherine.ca\/wp-content\/uploads\/2024\/10\/je-te-salue-marie-exposition.jpg\" \/>\n<meta name=\"twitter:card\" content=\"summary_large_image\" \/>\n<meta name=\"twitter:label1\" content=\"Est. reading time\" \/>\n\t<meta name=\"twitter:data1\" content=\"2 minutes\" \/>\n<script type=\"application\/ld+json\" class=\"yoast-schema-graph\">{\"@context\":\"https:\\\/\\\/schema.org\",\"@graph\":[{\"@type\":\"WebPage\",\"@id\":\"https:\\\/\\\/centrecatherine.ca\\\/en\\\/exhibition-hail-our-lady\\\/\",\"url\":\"https:\\\/\\\/centrecatherine.ca\\\/en\\\/exhibition-hail-our-lady\\\/\",\"name\":\"Exhibition Hail\u2026 Our Lady - Centre Catherine-de-Saint-Augustin\",\"isPartOf\":{\"@id\":\"https:\\\/\\\/centrecatherine.ca\\\/en\\\/#website\"},\"primaryImageOfPage\":{\"@id\":\"https:\\\/\\\/centrecatherine.ca\\\/en\\\/exhibition-hail-our-lady\\\/#primaryimage\"},\"image\":{\"@id\":\"https:\\\/\\\/centrecatherine.ca\\\/en\\\/exhibition-hail-our-lady\\\/#primaryimage\"},\"thumbnailUrl\":\"https:\\\/\\\/centrecatherine.ca\\\/wp-content\\\/uploads\\\/2024\\\/10\\\/je-te-salue-marie-exposition.jpg\",\"datePublished\":\"2024-10-04T17:50:39+00:00\",\"dateModified\":\"2025-03-25T17:33:11+00:00\",\"breadcrumb\":{\"@id\":\"https:\\\/\\\/centrecatherine.ca\\\/en\\\/exhibition-hail-our-lady\\\/#breadcrumb\"},\"inLanguage\":\"en-US\",\"potentialAction\":[{\"@type\":\"ReadAction\",\"target\":[\"https:\\\/\\\/centrecatherine.ca\\\/en\\\/exhibition-hail-our-lady\\\/\"]}]},{\"@type\":\"ImageObject\",\"inLanguage\":\"en-US\",\"@id\":\"https:\\\/\\\/centrecatherine.ca\\\/en\\\/exhibition-hail-our-lady\\\/#primaryimage\",\"url\":\"https:\\\/\\\/centrecatherine.ca\\\/wp-content\\\/uploads\\\/2024\\\/10\\\/je-te-salue-marie-exposition.jpg\",\"contentUrl\":\"https:\\\/\\\/centrecatherine.ca\\\/wp-content\\\/uploads\\\/2024\\\/10\\\/je-te-salue-marie-exposition.jpg\"},{\"@type\":\"BreadcrumbList\",\"@id\":\"https:\\\/\\\/centrecatherine.ca\\\/en\\\/exhibition-hail-our-lady\\\/#breadcrumb\",\"itemListElement\":[{\"@type\":\"ListItem\",\"position\":1,\"name\":\"Accueil\",\"item\":\"https:\\\/\\\/centrecatherine.ca\\\/en\\\/\"},{\"@type\":\"ListItem\",\"position\":2,\"name\":\"Exhibition Hail\u2026 Our Lady\"}]},{\"@type\":\"WebSite\",\"@id\":\"https:\\\/\\\/centrecatherine.ca\\\/en\\\/#website\",\"url\":\"https:\\\/\\\/centrecatherine.ca\\\/en\\\/\",\"name\":\"Centre Catherine-de-Saint-Augustin\",\"description\":\"Centre Catherine-de-Saint-Augustin\",\"publisher\":{\"@id\":\"https:\\\/\\\/centrecatherine.ca\\\/en\\\/#organization\"},\"alternateName\":\"Centre Catherine\",\"potentialAction\":[{\"@type\":\"SearchAction\",\"target\":{\"@type\":\"EntryPoint\",\"urlTemplate\":\"https:\\\/\\\/centrecatherine.ca\\\/en\\\/?s={search_term_string}\"},\"query-input\":{\"@type\":\"PropertyValueSpecification\",\"valueRequired\":true,\"valueName\":\"search_term_string\"}}],\"inLanguage\":\"en-US\"},{\"@type\":\"Organization\",\"@id\":\"https:\\\/\\\/centrecatherine.ca\\\/en\\\/#organization\",\"name\":\"Centre Catherine-de-Saint-Augustin\",\"alternateName\":\"Centre Catherine-de-Saint-Augustin\",\"url\":\"https:\\\/\\\/centrecatherine.ca\\\/en\\\/\",\"logo\":{\"@type\":\"ImageObject\",\"inLanguage\":\"en-US\",\"@id\":\"https:\\\/\\\/centrecatherine.ca\\\/en\\\/#\\\/schema\\\/logo\\\/image\\\/\",\"url\":\"https:\\\/\\\/centrecatherine.ca\\\/wp-content\\\/uploads\\\/2024\\\/09\\\/centre-catherine-de-saint-augustin.png\",\"contentUrl\":\"https:\\\/\\\/centrecatherine.ca\\\/wp-content\\\/uploads\\\/2024\\\/09\\\/centre-catherine-de-saint-augustin.png\",\"width\":300,\"height\":300,\"caption\":\"Centre Catherine-de-Saint-Augustin\"},\"image\":{\"@id\":\"https:\\\/\\\/centrecatherine.ca\\\/en\\\/#\\\/schema\\\/logo\\\/image\\\/\"}}]}<\/script>\n<!-- \/ Yoast SEO plugin. -->","yoast_head_json":{"title":"Exhibition Hail\u2026 Our Lady - Centre Catherine-de-Saint-Augustin","robots":{"index":"index","follow":"follow","max-snippet":"max-snippet:-1","max-image-preview":"max-image-preview:large","max-video-preview":"max-video-preview:-1"},"canonical":"https:\/\/centrecatherine.ca\/en\/exhibition-hail-our-lady\/","og_locale":"en_US","og_type":"article","og_title":"Exhibition Hail\u2026 Our Lady - Centre Catherine-de-Saint-Augustin","og_description":"L&#8217;exposition \u00abJe te Salue&#8230; Notre-Dame\u00bb L&#8217;exposition Je te salue&#8230; Notre-Dame vous convie \u00e0 p\u00e9n\u00e9trer au coeur de la d\u00e9votion mariale qui a fa\u00e7onn\u00e9 la vie de Marie-Catherine de Saint-Augustin et celle des Augustines de la Mis\u00e9ricorde de J\u00e9sus. Dans une ambiance propice au recueillement, explorez le r\u00f4le \u00e9minent de la Vierge Marie dans leur cheminement&hellip;","og_url":"https:\/\/centrecatherine.ca\/en\/exhibition-hail-our-lady\/","og_site_name":"Centre Catherine-de-Saint-Augustin","article_modified_time":"2025-03-25T17:33:11+00:00","og_image":[{"url":"https:\/\/centrecatherine.ca\/wp-content\/uploads\/2024\/10\/je-te-salue-marie-exposition.jpg","type":"","width":"","height":""}],"twitter_card":"summary_large_image","twitter_misc":{"Est. reading time":"2 minutes"},"schema":{"@context":"https:\/\/schema.org","@graph":[{"@type":"WebPage","@id":"https:\/\/centrecatherine.ca\/en\/exhibition-hail-our-lady\/","url":"https:\/\/centrecatherine.ca\/en\/exhibition-hail-our-lady\/","name":"Exhibition Hail\u2026 Our Lady - Centre Catherine-de-Saint-Augustin","isPartOf":{"@id":"https:\/\/centrecatherine.ca\/en\/#website"},"primaryImageOfPage":{"@id":"https:\/\/centrecatherine.ca\/en\/exhibition-hail-our-lady\/#primaryimage"},"image":{"@id":"https:\/\/centrecatherine.ca\/en\/exhibition-hail-our-lady\/#primaryimage"},"thumbnailUrl":"https:\/\/centrecatherine.ca\/wp-content\/uploads\/2024\/10\/je-te-salue-marie-exposition.jpg","datePublished":"2024-10-04T17:50:39+00:00","dateModified":"2025-03-25T17:33:11+00:00","breadcrumb":{"@id":"https:\/\/centrecatherine.ca\/en\/exhibition-hail-our-lady\/#breadcrumb"},"inLanguage":"en-US","potentialAction":[{"@type":"ReadAction","target":["https:\/\/centrecatherine.ca\/en\/exhibition-hail-our-lady\/"]}]},{"@type":"ImageObject","inLanguage":"en-US","@id":"https:\/\/centrecatherine.ca\/en\/exhibition-hail-our-lady\/#primaryimage","url":"https:\/\/centrecatherine.ca\/wp-content\/uploads\/2024\/10\/je-te-salue-marie-exposition.jpg","contentUrl":"https:\/\/centrecatherine.ca\/wp-content\/uploads\/2024\/10\/je-te-salue-marie-exposition.jpg"},{"@type":"BreadcrumbList","@id":"https:\/\/centrecatherine.ca\/en\/exhibition-hail-our-lady\/#breadcrumb","itemListElement":[{"@type":"ListItem","position":1,"name":"Accueil","item":"https:\/\/centrecatherine.ca\/en\/"},{"@type":"ListItem","position":2,"name":"Exhibition Hail\u2026 Our Lady"}]},{"@type":"WebSite","@id":"https:\/\/centrecatherine.ca\/en\/#website","url":"https:\/\/centrecatherine.ca\/en\/","name":"Centre Catherine-de-Saint-Augustin","description":"Centre Catherine-de-Saint-Augustin","publisher":{"@id":"https:\/\/centrecatherine.ca\/en\/#organization"},"alternateName":"Centre Catherine","potentialAction":[{"@type":"SearchAction","target":{"@type":"EntryPoint","urlTemplate":"https:\/\/centrecatherine.ca\/en\/?s={search_term_string}"},"query-input":{"@type":"PropertyValueSpecification","valueRequired":true,"valueName":"search_term_string"}}],"inLanguage":"en-US"},{"@type":"Organization","@id":"https:\/\/centrecatherine.ca\/en\/#organization","name":"Centre Catherine-de-Saint-Augustin","alternateName":"Centre Catherine-de-Saint-Augustin","url":"https:\/\/centrecatherine.ca\/en\/","logo":{"@type":"ImageObject","inLanguage":"en-US","@id":"https:\/\/centrecatherine.ca\/en\/#\/schema\/logo\/image\/","url":"https:\/\/centrecatherine.ca\/wp-content\/uploads\/2024\/09\/centre-catherine-de-saint-augustin.png","contentUrl":"https:\/\/centrecatherine.ca\/wp-content\/uploads\/2024\/09\/centre-catherine-de-saint-augustin.png","width":300,"height":300,"caption":"Centre Catherine-de-Saint-Augustin"},"image":{"@id":"https:\/\/centrecatherine.ca\/en\/#\/schema\/logo\/image\/"}}]}},"_links":{"self":[{"href":"https:\/\/centrecatherine.ca\/en\/wp-json\/wp\/v2\/pages\/3484","targetHints":{"allow":["GET"]}}],"collection":[{"href":"https:\/\/centrecatherine.ca\/en\/wp-json\/wp\/v2\/pages"}],"about":[{"href":"https:\/\/centrecatherine.ca\/en\/wp-json\/wp\/v2\/types\/page"}],"author":[{"embeddable":true,"href":"https:\/\/centrecatherine.ca\/en\/wp-json\/wp\/v2\/users\/1"}],"replies":[{"embeddable":true,"href":"https:\/\/centrecatherine.ca\/en\/wp-json\/wp\/v2\/comments?post=3484"}],"version-history":[{"count":1,"href":"https:\/\/centrecatherine.ca\/en\/wp-json\/wp\/v2\/pages\/3484\/revisions"}],"predecessor-version":[{"id":3528,"href":"https:\/\/centrecatherine.ca\/en\/wp-json\/wp\/v2\/pages\/3484\/revisions\/3528"}],"wp:attachment":[{"href":"https:\/\/centrecatherine.ca\/en\/wp-json\/wp\/v2\/media?parent=3484"}],"curies":[{"name":"wp","href":"https:\/\/api.w.org\/{rel}","templated":true}]}}